{"id":150,"date":"2023-02-01T18:29:47","date_gmt":"2023-02-01T17:29:47","guid":{"rendered":"http:\/\/vhkhtwj.cluster030.hosting.ovh.net\/?page_id=150"},"modified":"2025-09-09T15:36:36","modified_gmt":"2025-09-09T13:36:36","slug":"brocante-place-maubert","status":"publish","type":"page","link":"https:\/\/www.amisdesjeuneschretiens.ovh\/index.php\/brocante-place-maubert\/","title":{"rendered":"Brocante Place Maubert"},"content":{"rendered":"\t\t<div data-elementor-type=\"wp-page\" data-elementor-id=\"150\" class=\"elementor elementor-150\">\n\t\t\t\t\t\t<section class=\"elementor-section elementor-top-section elementor-element elementor-element-2f2ecf58 elementor-section-boxed elementor-section-height-default elementor-section-height-default\" data-id=\"2f2ecf58\" data-element_type=\"section\" data-e-type=\"section\">\n\t\t\t\t\t\t<div class=\"elementor-container elementor-column-gap-default\">\n\t\t\t\t\t<div class=\"elementor-column elementor-col-100 elementor-top-column elementor-element elementor-element-7acbd9e8\" data-id=\"7acbd9e8\" data-element_type=\"column\" data-e-type=\"column\">\n\t\t\t<div class=\"elementor-widget-wrap elementor-element-populated\">\n\t\t\t\t\t\t<div class=\"elementor-element elementor-element-1ded4081 elementor-widget elementor-widget-text-editor\" data-id=\"1ded4081\" data-element_type=\"widget\" data-e-type=\"widget\" data-widget_type=\"text-editor.default\">\n\t\t\t\t<div class=\"elementor-widget-container\">\n\t\t\t\t\t\t\t\t\t<div class=\"wp-block-cover alignfull is-light\">\n<p><img fetchpriority=\"high\" decoding=\"async\" width=\"2560\" height=\"1707\" class=\"wp-block-cover__image-background wp-image-151\" src=\"http:\/\/vhkhtwj.cluster030.hosting.ovh.net\/wp-content\/uploads\/2023\/02\/foyertraitees-71-scaled.jpg\" alt=\"\" data-object-fit=\"cover\" srcset=\"https:\/\/www.amisdesjeuneschretiens.ovh\/wp-content\/uploads\/2023\/02\/foyertraitees-71-scaled.jpg 2560w, https:\/\/www.amisdesjeuneschretiens.ovh\/wp-content\/uploads\/2023\/02\/foyertraitees-71-300x200.jpg 300w, https:\/\/www.amisdesjeuneschretiens.ovh\/wp-content\/uploads\/2023\/02\/foyertraitees-71-1024x683.jpg 1024w, https:\/\/www.amisdesjeuneschretiens.ovh\/wp-content\/uploads\/2023\/02\/foyertraitees-71-768x512.jpg 768w, https:\/\/www.amisdesjeuneschretiens.ovh\/wp-content\/uploads\/2023\/02\/foyertraitees-71-1536x1024.jpg 1536w, https:\/\/www.amisdesjeuneschretiens.ovh\/wp-content\/uploads\/2023\/02\/foyertraitees-71-2048x1365.jpg 2048w, https:\/\/www.amisdesjeuneschretiens.ovh\/wp-content\/uploads\/2023\/02\/foyertraitees-71-1200x800.jpg 1200w, https:\/\/www.amisdesjeuneschretiens.ovh\/wp-content\/uploads\/2023\/02\/foyertraitees-71-1980x1320.jpg 1980w\" sizes=\"(max-width: 2560px) 100vw, 2560px\" \/><\/p>\n<div class=\"wp-block-cover__inner-container\">\n<p><\/p>\n<p class=\"has-text-align-center has-background-color has-text-color has-larger-font-size\">\u00a0<\/p>\n<p><\/p>\n<\/div>\n<\/div>\n<p><!-- \/wp:cover --><\/p>\n<p><!-- wp:group {\"align\":\"full\",\"style\":{\"color\":{\"background\":\"#f8f4e4\"}}} --><\/p>\n<div class=\"wp-block-group alignfull has-background\" style=\"background-color: #f8f4e4;\">\n<p><!-- wp:columns {\"align\":\"wide\"} --><\/p>\n<div class=\"wp-block-columns alignwide\">\n<p><!-- wp:column {\"verticalAlignment\":\"top\",\"width\":\"\"} --><\/p>\n<div class=\"wp-block-column is-vertically-aligned-top\">\n<p><!-- wp:spacer --><\/p>\n<div class=\"wp-block-spacer\" style=\"height: 100px;\" aria-hidden=\"true\">\u00a0<\/div>\n<p><!-- \/wp:heading --><\/p>\n<p><!-- wp:paragraph {\"style\":{\"typography\":{\"lineHeight\":\"1.1\",\"fontSize\":\"5vw\"},\"color\":{\"text\":\"#000000\"}}} --><\/p>\n<p class=\"has-text-color\" style=\"color: #000000; font-size: 5vw; line-height: 1.1;\"><strong>Rendez-vous Place Maubert le 28 septembre 2025<\/strong><\/p>\n<p><!-- \/wp:paragraph --><\/p>\n<p><!-- wp:spacer {\"height\":\"5px\"} --><\/p>\n<div class=\"wp-block-spacer\" style=\"height: 5px;\" aria-hidden=\"true\">\u00a0<\/div>\n<p><!-- \/wp:spacer --><\/p>\n<\/div>\n<p><!-- \/wp:column --><\/p>\n<\/div>\n<p><!-- \/wp:columns --><\/p>\n<p><!-- wp:columns {\"align\":\"wide\"} --><\/p>\n<div class=\"wp-block-columns alignwide\">\n<p><!-- wp:column {\"width\":\"33.38%\"} --><\/p>\n<div class=\"wp-block-column\" style=\"flex-basis: 33.38%;\">\n<p><!-- wp:paragraph {\"style\":{\"color\":{\"text\":\"#000000\"}},\"fontSize\":\"normal\"} --><\/p>\n<p class=\"has-text-color has-normal-font-size\" style=\"color: #000000;\">Chaque ann\u00e9e au d\u00e9but de l&rsquo;automne a lieu, de 8h \u00e0 18h place Maubert, dans le 5e Arrondissement de Paris, la traditionnelle brocante annuelle de l&rsquo;association. Cette brocante est la finalit\u00e9 d&rsquo;une ann\u00e9e de brocantes et de tris acharn\u00e9s et est pour nous l&rsquo;occasion de rassembler des fonds afin de continuer \u00e0 financer les divers projets de l&rsquo;ADJC.<\/p>\n<p><!-- \/wp:paragraph --><\/p>\n<\/div>\n<p><!-- \/wp:column --><\/p>\n<p><!-- wp:column {\"width\":\"33%\"} --><\/p>\n<div class=\"wp-block-column\" style=\"flex-basis: 33%;\">\n<p><!-- wp:spacer --><\/p>\n<div class=\"wp-block-spacer\" style=\"height: 100px;\" aria-hidden=\"true\">\u00a0<\/div>\n<p><!-- \/wp:spacer --><\/p>\n<p><!-- wp:image {\"id\":161,\"sizeSlug\":\"large\",\"linkDestination\":\"none\"} --><\/p>\n<figure class=\"wp-block-image size-large\"><img decoding=\"async\" width=\"683\" height=\"1024\" class=\"wp-image-161\" src=\"http:\/\/vhkhtwj.cluster030.hosting.ovh.net\/wp-content\/uploads\/2023\/02\/foyertraitees-132-1-683x1024.jpg\" alt=\"\" srcset=\"https:\/\/www.amisdesjeuneschretiens.ovh\/wp-content\/uploads\/2023\/02\/foyertraitees-132-1-683x1024.jpg 683w, https:\/\/www.amisdesjeuneschretiens.ovh\/wp-content\/uploads\/2023\/02\/foyertraitees-132-1-200x300.jpg 200w, https:\/\/www.amisdesjeuneschretiens.ovh\/wp-content\/uploads\/2023\/02\/foyertraitees-132-1-768x1152.jpg 768w, https:\/\/www.amisdesjeuneschretiens.ovh\/wp-content\/uploads\/2023\/02\/foyertraitees-132-1-1024x1536.jpg 1024w, https:\/\/www.amisdesjeuneschretiens.ovh\/wp-content\/uploads\/2023\/02\/foyertraitees-132-1-1365x2048.jpg 1365w, https:\/\/www.amisdesjeuneschretiens.ovh\/wp-content\/uploads\/2023\/02\/foyertraitees-132-1-1200x1800.jpg 1200w, https:\/\/www.amisdesjeuneschretiens.ovh\/wp-content\/uploads\/2023\/02\/foyertraitees-132-1-1980x2970.jpg 1980w, https:\/\/www.amisdesjeuneschretiens.ovh\/wp-content\/uploads\/2023\/02\/foyertraitees-132-1-scaled.jpg 1707w\" sizes=\"(max-width: 683px) 100vw, 683px\" \/><\/figure>\n<p><!-- \/wp:image --><\/p>\n<\/div>\n<p><!-- \/wp:column --><\/p>\n<p><!-- wp:column {\"width\":\"33.62%\"} --><\/p>\n<div class=\"wp-block-column\" style=\"flex-basis: 33.62%;\">\n<p><!-- wp:image {\"id\":163,\"sizeSlug\":\"large\",\"linkDestination\":\"none\"} --><\/p>\n<figure class=\"wp-block-image size-large\"><img decoding=\"async\" width=\"683\" height=\"1024\" class=\"wp-image-163\" src=\"http:\/\/vhkhtwj.cluster030.hosting.ovh.net\/wp-content\/uploads\/2023\/02\/foyertraitees-33-683x1024.jpg\" alt=\"\" srcset=\"https:\/\/www.amisdesjeuneschretiens.ovh\/wp-content\/uploads\/2023\/02\/foyertraitees-33-683x1024.jpg 683w, https:\/\/www.amisdesjeuneschretiens.ovh\/wp-content\/uploads\/2023\/02\/foyertraitees-33-200x300.jpg 200w, https:\/\/www.amisdesjeuneschretiens.ovh\/wp-content\/uploads\/2023\/02\/foyertraitees-33-768x1152.jpg 768w, https:\/\/www.amisdesjeuneschretiens.ovh\/wp-content\/uploads\/2023\/02\/foyertraitees-33-1024x1536.jpg 1024w, https:\/\/www.amisdesjeuneschretiens.ovh\/wp-content\/uploads\/2023\/02\/foyertraitees-33-1365x2048.jpg 1365w, https:\/\/www.amisdesjeuneschretiens.ovh\/wp-content\/uploads\/2023\/02\/foyertraitees-33-1200x1800.jpg 1200w, https:\/\/www.amisdesjeuneschretiens.ovh\/wp-content\/uploads\/2023\/02\/foyertraitees-33-1980x2970.jpg 1980w, https:\/\/www.amisdesjeuneschretiens.ovh\/wp-content\/uploads\/2023\/02\/foyertraitees-33-scaled.jpg 1707w\" sizes=\"(max-width: 683px) 100vw, 683px\" \/><\/figure>\n<p><!-- \/wp:image --><\/p>\n<\/div>\n<p><!-- \/wp:column --><\/p>\n<\/div>\n<p><!-- \/wp:columns --><\/p>\n<p><!-- wp:columns {\"align\":\"wide\"} --><\/p>\n<div class=\"wp-block-columns alignwide\">\n<p><!-- wp:column {\"width\":\"67%\"} --><\/p>\n<div class=\"wp-block-column\" style=\"flex-basis: 67%;\">\n<p><!-- wp:image {\"align\":\"wide\",\"id\":173,\"sizeSlug\":\"large\",\"linkDestination\":\"none\"} --><\/p>\n<figure class=\"wp-block-image alignwide size-large\"><img loading=\"lazy\" decoding=\"async\" class=\"alignnone size-medium wp-image-157\" src=\"https:\/\/www.amisdesjeuneschretiens.ovh\/wp-content\/uploads\/2023\/02\/foyertraitees-35-300x200.jpg\" alt=\"\" width=\"300\" height=\"200\" \/><\/figure>\n<p><!-- \/wp:image --><\/p>\n<p><!-- wp:spacer --><\/p>\n<div class=\"wp-block-spacer\" style=\"height: 100px;\" aria-hidden=\"true\">\u00a0<\/div>\n<p><!-- \/wp:spacer --><\/p>\n<\/div>\n<p><!-- \/wp:column --><\/p>\n<p><!-- wp:column {\"verticalAlignment\":\"center\",\"width\":\"33%\"} --><\/p>\n<div class=\"wp-block-column is-vertically-aligned-center\" style=\"flex-basis: 33%;\">\n<p><!-- wp:paragraph {\"style\":{\"color\":{\"text\":\"#000000\"}},\"fontSize\":\"normal\"} --><\/p>\n<p class=\"has-text-color has-normal-font-size\" style=\"color: #000000;\">Cette brocante annuelle est cependant aussi l&rsquo;occasion pour nous de se retrouver, de d\u00e9couvrir, de sourire, de se rassembler. Lev\u00e9s d\u00e8s 3h du matin, les jeunes du Foyer Jean Bosco arrivent sur la place \u00e0 partir de 4h. Commence alors la grande organisation de la place.<\/p>\n<p><!-- \/wp:paragraph --><\/p>\n<\/div>\n<p><!-- \/wp:column --><\/p>\n<\/div>\n<p><!-- \/wp:columns --><\/p>\n<p><!-- wp:columns {\"align\":\"wide\"} --><\/p>\n<div class=\"wp-block-columns alignwide\">\n<p><!-- wp:column {\"verticalAlignment\":\"center\",\"width\":\"33%\"} --><\/p>\n<div class=\"wp-block-column is-vertically-aligned-center\" style=\"flex-basis: 33%;\">\n<p><!-- wp:paragraph {\"style\":{\"color\":{\"text\":\"#000000\"}},\"fontSize\":\"normal\"} --><\/p>\n<p class=\"has-text-color has-normal-font-size\" style=\"color: #000000;\">De 8h \u00e0 18h tous les Amis des Jeunes Chr\u00e9tiens seront l\u00e0 pour vous avec leurs sourires, leur humour et leur joie ! La journ\u00e9e sera longue pour eux car viendra ensuite le grand rangement et le retour, la plupart ne rentrera pas avant 23h chez eux, cependant jamais cela n&rsquo;a pu leur enlever leur sourire !<\/p>\n<p><!-- \/wp:paragraph --><\/p>\n<\/div>\n<p><!-- \/wp:column --><\/p>\n<p><!-- wp:column {\"width\":\"67%\"} --><\/p>\n<div class=\"wp-block-column\" style=\"flex-basis: 67%;\">\n<p><!-- wp:image {\"align\":\"wide\",\"id\":174,\"sizeSlug\":\"large\",\"linkDestination\":\"none\"} --><\/p>\n<figure class=\"wp-block-image alignwide size-large\"><img loading=\"lazy\" decoding=\"async\" width=\"1024\" height=\"683\" class=\"wp-image-174\" src=\"http:\/\/vhkhtwj.cluster030.hosting.ovh.net\/wp-content\/uploads\/2023\/02\/foyertraitees-89-3-1024x683.jpg\" alt=\"\" srcset=\"https:\/\/www.amisdesjeuneschretiens.ovh\/wp-content\/uploads\/2023\/02\/foyertraitees-89-3-1024x683.jpg 1024w, https:\/\/www.amisdesjeuneschretiens.ovh\/wp-content\/uploads\/2023\/02\/foyertraitees-89-3-300x200.jpg 300w, https:\/\/www.amisdesjeuneschretiens.ovh\/wp-content\/uploads\/2023\/02\/foyertraitees-89-3-768x512.jpg 768w, https:\/\/www.amisdesjeuneschretiens.ovh\/wp-content\/uploads\/2023\/02\/foyertraitees-89-3-1536x1024.jpg 1536w, https:\/\/www.amisdesjeuneschretiens.ovh\/wp-content\/uploads\/2023\/02\/foyertraitees-89-3-2048x1365.jpg 2048w, https:\/\/www.amisdesjeuneschretiens.ovh\/wp-content\/uploads\/2023\/02\/foyertraitees-89-3-1200x800.jpg 1200w, https:\/\/www.amisdesjeuneschretiens.ovh\/wp-content\/uploads\/2023\/02\/foyertraitees-89-3-1980x1320.jpg 1980w\" sizes=\"(max-width: 1024px) 100vw, 1024px\" \/><\/figure>\n<p><!-- \/wp:image --><\/p>\n<\/div>\n<p><!-- \/wp:column --><\/p>\n<\/div>\n<p><!-- \/wp:columns --><\/p>\n<\/div>\n<p><!-- \/wp:group --><\/p>\n<p><!-- wp:image {\"align\":\"center\",\"id\":153,\"sizeSlug\":\"large\",\"linkDestination\":\"none\"} --><\/p>\n<figure class=\"wp-block-image aligncenter size-large\"><img loading=\"lazy\" decoding=\"async\" class=\"alignnone wp-image-8081 size-full\" src=\"https:\/\/www.amisdesjeuneschretiens.ovh\/wp-content\/uploads\/2025\/09\/Brocante-2025_V1-scaled.jpg\" alt=\"\" width=\"1925\" height=\"2560\" \/><\/figure>\n<p><!-- \/wp:image --><\/p>\t\t\t\t\t\t\t\t<\/div>\n\t\t\t\t<\/div>\n\t\t\t\t\t<\/div>\n\t\t<\/div>\n\t\t\t\t\t<\/div>\n\t\t<\/section>\n\t\t\t\t<\/div>\n\t\t","protected":false},"excerpt":{"rendered":"<p>\u00a0 \u00a0 Rendez-vous Place Maubert le 28 septembre 2025 \u00a0 Chaque ann\u00e9e au d\u00e9but de l&rsquo;automne a lieu, de 8h \u00e0 18h place Maubert, dans le 5e Arrondissement de Paris, la traditionnelle brocante annuelle de l&rsquo;association. Cette brocante est la finalit\u00e9 d&rsquo;une ann\u00e9e de brocantes et de tris acharn\u00e9s et est pour nous l&rsquo;occasion de<\/p>\n<div><a class=\"btn-filled btn\" href=\"https:\/\/www.amisdesjeuneschretiens.ovh\/index.php\/brocante-place-maubert\/\" title=\"Brocante Place Maubert\">Lire la suite<\/a><\/div>\n","protected":false},"author":2,"featured_media":0,"parent":0,"menu_order":0,"comment_status":"closed","ping_status":"closed","template":"","meta":{"footnotes":""},"folder":[],"class_list":["post-150","page","type-page","status-publish","hentry"],"jetpack_sharing_enabled":true,"_links":{"self":[{"href":"https:\/\/www.amisdesjeuneschretiens.ovh\/index.php\/wp-json\/wp\/v2\/pages\/150","targetHints":{"allow":["GET"]}}],"collection":[{"href":"https:\/\/www.amisdesjeuneschretiens.ovh\/index.php\/wp-json\/wp\/v2\/pages"}],"about":[{"href":"https:\/\/www.amisdesjeuneschretiens.ovh\/index.php\/wp-json\/wp\/v2\/types\/page"}],"author":[{"embeddable":true,"href":"https:\/\/www.amisdesjeuneschretiens.ovh\/index.php\/wp-json\/wp\/v2\/users\/2"}],"replies":[{"embeddable":true,"href":"https:\/\/www.amisdesjeuneschretiens.ovh\/index.php\/wp-json\/wp\/v2\/comments?post=150"}],"version-history":[{"count":28,"href":"https:\/\/www.amisdesjeuneschretiens.ovh\/index.php\/wp-json\/wp\/v2\/pages\/150\/revisions"}],"predecessor-version":[{"id":8084,"href":"https:\/\/www.amisdesjeuneschretiens.ovh\/index.php\/wp-json\/wp\/v2\/pages\/150\/revisions\/8084"}],"wp:attachment":[{"href":"https:\/\/www.amisdesjeuneschretiens.ovh\/index.php\/wp-json\/wp\/v2\/media?parent=150"}],"wp:term":[{"taxonomy":"folder","embeddable":true,"href":"https:\/\/www.amisdesjeuneschretiens.ovh\/index.php\/wp-json\/wp\/v2\/folder?post=150"}],"curies":[{"name":"wp","href":"https:\/\/api.w.org\/{rel}","templated":true}]}}